{"id":12,"date":"2016-04-04T21:26:24","date_gmt":"2016-04-04T20:26:24","guid":{"rendered":"http:\/\/neurofeedback-grenoble.fr\/?page_id=12"},"modified":"2025-12-15T14:09:45","modified_gmt":"2025-12-15T13:09:45","slug":"contact","status":"publish","type":"page","link":"https:\/\/neurofeedback-grenoble.fr\/index.php\/contact\/","title":{"rendered":"Contact"},"content":{"rendered":"<p style=\"text-align: left;\">Myriam Lesou\u00ebf\u00a0 &#8211; \u00a006 68 19 49 30 (myriam.lesouef@gmail.com)<\/p>\n<p style=\"text-align: justify;\">Praticienne certifi\u00e9e de la\u00a0m\u00e9thode de\u00a0NEUROFEEDBACK dynamique NeurOptimal (R), je suis situ\u00e9e 15 rue Moyrand \u00e0 Grenoble (Is\u00e8re) et ne re\u00e7ois que sur rendez-vous.<\/p>\n<p style=\"text-align: justify;\"><strong><span style=\"color: #ff6600;\">Dans mon bureau, je suis \u00e9quip\u00e9e de deux logiciels de NEUROFEEDBACK (Dynamical Neurofeedback\u00a9\ufe0f) et je peux donc d\u00e9sormais accueillir deux personnes de la m\u00eame famille en m\u00eame temps <\/span><\/strong><span style=\"color: #ff6600;\">(avec un tarif pr\u00e9f\u00e9rentiel).<\/span><\/p>\n<div data-editor=\"9ftfq\" data-offset-key=\"9bbid-0-0\" data-block=\"true\">\n<div class=\"_1mf _1mj\" style=\"text-align: justify;\" data-offset-key=\"9bbid-0-0\">\n<div class=\"_1mf _1mj\" style=\"text-align: justify;\" data-offset-key=\"9bbid-0-0\">\n<p><em><strong>A savoir<\/strong><\/em> : Une s\u00e9ance de NEUROFEEDBACK\u00a0(Dynamical Neurofeedback\u00a9\ufe0f) dure entre 50 minutes et une heure. Il est recommand\u00e9 de faire deux s\u00e9ances par semaine\u00a0au d\u00e9but (pr\u00e9voir de faire 4 s\u00e9ances en 15 jours si possible), puis\u00a0une s\u00e9ance par semaine jusqu&rsquo;\u00e0 obtention du bien \u00eatre\u00a0souhait\u00e9.<\/p>\n<\/div>\n<p><span data-offset-key=\"9bbid-0-0\"><span data-text=\"true\">Nous avons tous une intelligence cognitive et une intelligence \u00e9motionnelle ;\u00a0mais nous savons que le stress et les angoisses bloquent le cerveau et alt\u00e8rent les facult\u00e9s cognitives. C&rsquo;est pourquoi je peux vous proposer de faire une s\u00e9ance\u00a0<span style=\"color: #ff0000;\"><strong><em>&lt;&lt; TiPi<\/em><\/strong><\/span> (r\u00e9gulation \u00e9motionnelle) pour \u00e9liminer vos peurs et vos angoisses.<\/span><\/span><span style=\"color: #333333;\" data-offset-key=\"9bbid-0-0\"><span data-text=\"true\">\u00a0<\/span><\/span><\/p>\n<\/div>\n<div class=\"_1mf _1mj\" style=\"text-align: justify;\" data-offset-key=\"9bbid-0-0\"><span data-offset-key=\"9bbid-0-0\"><span data-text=\"true\"><span style=\"text-decoration: underline;\"><em><strong>T A R I F S<\/strong><\/em><\/span> :\u00a0<\/span><\/span><\/div>\n<\/div>\n<div data-editor=\"9ftfq\" data-offset-key=\"9bbid-0-0\" data-block=\"true\">\n<div class=\"_1mf _1mj\" style=\"text-align: justify;\" data-offset-key=\"9bbid-0-0\"><span data-offset-key=\"9bbid-0-0\"><span data-text=\"true\">&#8211; s\u00e9ance de NEUROFEEDBACK (Dynamical Neurofeedback\u00a9\ufe0f)\u00a0 \u00a0 \u00a0 \u00a0 \u00a0 \u00a0 \u00a0 \u00a0 \u00a0 \u00a0 \u00a0 \u00a0 \u00a0 \u00a0 \u00a060 \u20ac <\/span><\/span><\/div>\n<div data-offset-key=\"9bbid-0-0\"><span style=\"color: #ff6600;\">&#8211; s\u00e9ance de NEUROFEEDBACK (Dynamical Neurofeedback\u00a9\ufe0f ) pour 2 personnes de la m\u00eame famille en m\u00eame temps\u00a0 \u00a0 \u00a0 \u00a0 \u00a0 \u00a0 \u00a0 \u00a0 \u00a0 \u00a0 \u00a0 \u00a0 \u00a0 \u00a0 \u00a0 \u00a0 \u00a0 \u00a0 \u00a0 \u00a0 \u00a0 \u00a0 \u00a0 \u00a0 \u00a0 \u00a0 \u00a0 \u00a0 \u00a0 \u00a0 \u00a0 \u00a0 \u00a0 \u00a0 \u00a0 \u00a0 \u00a0 \u00a0 \u00a0 110 \u20ac<\/span><\/div>\n<\/div>\n<div data-offset-key=\"9bbid-0-0\">\n<div data-offset-key=\"9bbid-0-0\">&#8211; LOCATION d&rsquo;un syst\u00e8me de NEUROFEEDBACK<span data-offset-key=\"9bbid-0-0\"> (Dynamical Neurofeedback\u00a9\ufe0f) <\/span><\/div>\n<div data-offset-key=\"9bbid-0-0\"><span style=\"color: initial;\">par mois (disponible) :\u00a0 \u00a0 \u00a0 \u00a0 \u00a0 \u00a0 \u00a0 \u00a0 \u00a0 \u00a0 \u00a0 \u00a0 \u00a0 \u00a0 \u00a0 \u00a0 \u00a0 \u00a0 \u00a0 \u00a0 \u00a0 \u00a0 \u00a0 \u00a0 \u00a0 \u00a0 \u00a0 \u00a0 \u00a0 \u00a0 \u00a0 \u00a0 \u00a0 \u00a0 \u00a0 \u00a0 \u00a0 \u00a0 \u00a0 \u00a0 \u00a0 \u00a0 \u00a0 \u00a0 \u00a0 \u00a0 \u00a0 \u00a0550 \u20ac<\/span><\/div>\n<div data-offset-key=\"9bbid-0-0\">Syst\u00e8me de NEUROFEEDBACK dynamique le plus avanc\u00e9, le plus complet et le plus simple d&rsquo;utilisation : NEUROPTIMAL (c). Nombre de s\u00e9ances illimit\u00e9. Formation, suivi et assistance inclus pendant la dur\u00e9e de la location.<\/div>\n<div data-offset-key=\"9bbid-0-0\">Mat\u00e9riel \u00e0 venir chercher \u00e0 Grenoble, pas d&rsquo;envoi.\u00a0<\/div>\n<div data-offset-key=\"9bbid-0-0\">\u00a0<\/div>\n<div data-offset-key=\"9bbid-0-0\">&#8211; Si vous faites le choix d&rsquo;\u00eatre accompagn\u00e9 avec le programme <strong>ALIMENTATION EMOTIONNELLE<\/strong> (approche cognitive, comportementale et \u00e9motionnelle) : maigrir sans r\u00e9gime gr\u00e2ce aux neurosciences.\u00a0 \u00a0 \u00a0 \u00a0 \u00a0 \u00a0 \u00a0 \u00a0 \u00a0 \u00a0 \u00a0 \u00a0 \u00a0 \u00a0 \u00a0 \u00a0 \u00a0 \u00a0 \u00a0 \u00a0 \u00a0 \u00a0 \u00a0 \u00a0 \u00a0 \u00a0 \u00a0 \u00a0 \u00a0 \u00a0 \u00a0 \u00a0 \u00a0 \u00a0 \u00a0 \u00a0 \u00a0 \u00a0 \u00a0 \u00a0 60 \u20ac<\/div>\n<div data-offset-key=\"9bbid-0-0\">(plusieurs s\u00e9ances seront sans doute n\u00e9cessaires)<\/div>\n<div data-offset-key=\"9bbid-0-0\">\u00a0<\/div>\n<\/div>\n<div data-editor=\"9ftfq\" data-offset-key=\"9bbid-0-0\" data-block=\"true\">\n<div class=\"_1mf _1mj\" style=\"text-align: justify;\" data-offset-key=\"9bbid-0-0\">&#8211; s\u00e9ance <span style=\"color: #ff0000;\"><em><strong>&lt;&lt; <\/strong><\/em><em><strong>TiPi\u00a0<\/strong><\/em><span style=\"color: #999999;\">(peurs, phobies, angoisses, blocages, paniques, col\u00e8res&#8230;)<\/span><\/span><\/div>\n<div class=\"_1mf _1mj\" style=\"text-align: justify;\" data-offset-key=\"9bbid-0-0\">=&gt; une seule angoisse \u00e0 la fois (\u00e0 mon bureau ou par skype\/whatsapp, &#8230;)\u00a0 \u00a0 \u00a0 \u00a0 \u00a0 \u00a0 \u00a060 \u20ac<\/div>\n<\/div>\n<div data-offset-key=\"9bbid-0-0\">\u00a0<\/div>\n<div data-offset-key=\"9bbid-0-0\">&#8211; s\u00e9ance de gestion mentale : \u00ab\u00a0apprendre \u00e0 apprendre et comment apprivoiser son mental\u00a0\u00bb &#8211;\u00a0 Comprendre son type de m\u00e9morisation et s\u00e9ance de PREPARATION MENTALE : pour pr\u00e9parer une \u00e9preuve, un examen, un RV, un entretien, une comp\u00e9tition sportive, pour diminuer une douleur per\u00e7ue dans le corps, pour arr\u00eater de fumer, &#8230; pour d\u00e9passer les limites du mental. 1 heure \u00e0 la fois\u00a0 \u00a0 \u00a0 \u00a0 \u00a0 \u00a0 \u00a0 \u00a0 \u00a0 \u00a0 \u00a0 \u00a0 \u00a0 \u00a0 \u00a0 \u00a060 \u20ac<\/div>\n<div data-editor=\"9ftfq\" data-offset-key=\"9bbid-0-0\" data-block=\"true\">\n<div data-offset-key=\"9bbid-0-0\">\u00a0<\/div>\n<div class=\"_1mf _1mj\" style=\"text-align: justify;\" data-offset-key=\"9bbid-0-0\">&#8211; Bilan de potentiels (m\u00e9thode POTENTIALIS) &#8211; pr\u00e9voir 5 heures\u00a0 \u00a0 \u00a0 \u00a0 \u00a0 \u00a0 \u00a0 \u00a0 \u00a0 \u00a0 \u00a0 \u00a0 \u00a0 450 \u20ac<\/div>\n<div class=\"_1mf _1mj\" style=\"text-align: justify;\" data-offset-key=\"9bbid-0-0\"><a href=\"http:\/\/www.mespotentiels-grenoble.fr\">http:\/\/www.mespotentiels-grenoble.fr<\/a><\/div>\n<div data-offset-key=\"9bbid-0-0\">\u00a0<\/div>\n<div class=\"_1mf _1mj\" style=\"text-align: justify;\" data-offset-key=\"9bbid-0-0\">\n<div class=\"_1mf _1mj\" style=\"text-align: justify;\" data-offset-key=\"9bbid-0-0\">Je peux me d\u00e9placer pour les personnes \u00e0 mobilit\u00e9 r\u00e9duite.<\/div>\n<div class=\"_1mf _1mj\" style=\"text-align: justify;\" data-offset-key=\"9bbid-0-0\"><span style=\"color: #000000;\">\u00a0.<\/span><\/div>\n<\/div>\n<div class=\"_1mf _1mj\" style=\"text-align: justify;\" data-offset-key=\"9bbid-0-0\">\u00a0<\/div>\n<div class=\"_1mf _1mj\" style=\"text-align: justify;\" data-offset-key=\"9bbid-0-0\"><strong><em>Pour les \u00e9tablissements scolaires, les centres de formation ou les entreprises<\/em><\/strong>, je propose mon intervention pour :<\/div>\n<div class=\"_1mf _1mj\" style=\"text-align: justify;\" data-offset-key=\"9bbid-0-0\">&#8211; des formations de gestion mentale :\u00a0\u00ab\u00a0apprendre \u00e0 apprendre et comment apprivoiser son mental\u00a0\u00bb. Formations pour les enseignants, les \u00e9l\u00e8ves et les parents ;<\/div>\n<div data-offset-key=\"9bbid-0-0\">&#8211; des conf\u00e9rences sur le cerveau, la m\u00e9moire, la concentration, les images mentales, les strat\u00e9gies de motivation, la gestion des \u00e9tats internes : le stress et les \u00e9motions, les techniques de m\u00e9morisation, &#8230;<\/div>\n<div class=\"_1mf _1mj\" style=\"text-align: justify;\" data-offset-key=\"9bbid-0-0\">&#8211; des bilans de potentiels en individuel ou en petits groupes ;<\/div>\n<div class=\"_1mf _1mj\" style=\"text-align: justify;\" data-offset-key=\"9bbid-0-0\">&#8211; des s\u00e9ances de NEUROFEEDBACK Dynamique (c) dans votre entreprise (dans le cadre du bien \u00eatre au travail).<\/div>\n<\/div>\n<div class=\"_1mf _1mj\" style=\"text-align: justify;\" data-offset-key=\"9bbid-0-0\"><span style=\"color: #333333;\">\u00a0.<\/span><\/div>\n<div data-offset-key=\"9bbid-0-0\">\u00a0<\/div>\n<h6 class=\"_1mf _1mj\" style=\"text-align: justify;\" data-offset-key=\"9bbid-0-0\"><span style=\"color: #3366ff;\"><i>Mon parcours <\/i><\/span>:<\/h6>\n<div class=\"_1mf _1mj\" style=\"text-align: justify;\" data-offset-key=\"9bbid-0-0\">J&rsquo;ai un m\u00e9tier que j&rsquo;adore et qui me passionne, voil\u00e0 pourquoi je suis en formation tr\u00e8s r\u00e9guli\u00e8rement. Mes formations sont toutes li\u00e9es au cerveau, \u00e0 la m\u00e9moire et aux \u00e9motions : le neurofeedback permet de d\u00e9velopper les potentiels forts, de d\u00e9velopper sa m\u00e9moire, de se sentir mieux et de mieux g\u00e9rer ses \u00e9motions. A travers un bilan de potentiels on d\u00e9couvre sa m\u00e9moire dominante et on apprend \u00e0 mieux se conna\u00eetre. La gestion mentale (\u00ab\u00a0apprendre \u00e0 apprendre\u00a0\u00bb) permet d&rsquo;apprivoiser son mental et de mieux m\u00e9moriser. Le stress bloque les apprentissages, les s\u00e9ances Tipi permettent donc au cerveau de mieux fonctionner et de se lib\u00e9rer des angoisses ! Les \u00e9motions (agr\u00e9ables ou d\u00e9sagr\u00e9ables) perturbent notre comportement alimentaire, il suffit d&rsquo;apprendre \u00e0 les \u00e9couter pour se sentir en paix avec l&rsquo;alimentation.<\/div>\n<div data-offset-key=\"9bbid-0-0\">\u00a0<\/div>\n<div data-offset-key=\"9bbid-0-0\">2022 : Premiers Secours en Sant\u00e9 Mentale (PSSM) &#8211; <strong>d\u00e9tection et pr\u00e9vention des troubles mentaux<\/strong>.<\/div>\n<div data-offset-key=\"9bbid-0-0\">\u00a0<\/div>\n<div data-offset-key=\"9bbid-0-0\">2021 : formation en psychonutrition. Approche Neurocognitive, Comportementale et Emotionnelle (ANCE) : \u00ab\u00a0<strong>maigrir sans r\u00e9gime gr\u00e2ce aux neurosciences\u00a0\u00bb<\/strong>.<\/div>\n<div data-offset-key=\"9bbid-0-0\">\u00a0<\/div>\n<div data-offset-key=\"9bbid-0-0\">2019 : formation \u00ab\u00a0<strong>M\u00e9moire, apprentissage et traitement de l&rsquo;information<\/strong>\u00a0\u00bb &amp; \u00ab\u00a0<strong>Attention, concentration &amp; apprentissage<\/strong>\u00a0\u00bb avec Marie-Ren\u00e9e ROLLET de MM2i (des m\u00e9thodologies pour le management, l&rsquo;imagination et l&rsquo;information) <em>&#8211; modules 1 &amp; 2<\/em><\/div>\n<div data-offset-key=\"9bbid-0-0\">\u00a0<\/div>\n<div class=\"_1mf _1mj\" style=\"text-align: justify;\" data-offset-key=\"9bbid-0-0\">2018 : formation <strong><em>POTENTIALIS<\/em> &#8211; bilan de potentiels<\/strong> <span style=\"text-align: left; text-transform: none; text-indent: 0px; letter-spacing: normal; font-family: 'Noto Serif'; font-size: 16px; font-style: normal; font-variant: normal; font-weight: 400; text-decoration: none; word-spacing: 0px; display: inline !important; white-space: normal; cursor: text; orphans: 2; float: none; -webkit-text-stroke-width: 0px; background-color: transparent;\">avec Marie-Ren\u00e9e ROLLET de MM2i (des m\u00e9thodologies pour le management, l&rsquo;imagination et l&rsquo;information).<\/span><\/div>\n<div class=\"_1mf _1mj\" style=\"text-align: justify;\" data-offset-key=\"9bbid-0-0\">2018 : participation au congr\u00e8s de la SOci\u00e9t\u00e9 Francophone des Troubles d&rsquo;Apprentissages et du Langage (SOFTAL) sur : <em>\u00ab\u00a0<strong>attention &amp; apprentissages, approches innovantes &amp; nouvelles technologies<\/strong>\u00a0\u00bb <\/em>=&gt; le neurofeedback a \u00e9t\u00e9 largement encourag\u00e9.<\/div>\n<div data-offset-key=\"9bbid-0-0\">\u00a0<\/div>\n<div class=\"_1mf _1mj\" style=\"text-align: justify;\" data-offset-key=\"9bbid-0-0\">2017 : formation <strong><em>&lt;&lt;TiPi<\/em> pro &#8211; r\u00e9gulation \u00e9motionnelle<\/strong> &#8211; (Technique d&rsquo;Identification sensorielle des Peurs Inconscientes)\u00a0: gestion des peurs, phobies, angoisses, blocages, paniques, col\u00e8res&#8230;(d\u00e8s 8 ans)<\/div>\n<div data-offset-key=\"9bbid-0-0\">\u00a0<\/div>\n<div class=\"_1mf _1mj\" style=\"text-align: justify;\" data-offset-key=\"9bbid-0-0\">2016 : formation en <strong>NEUROFEEDBACK (Dynamical Neurofeedback\u00a9\ufe0f<\/strong>) &#8211; praticienne certifi\u00e9e en neurofeedback dynamique NeurOptimal (form\u00e9e par Corinne Fournier \u00e0 Paris).<\/div>\n<div data-offset-key=\"9bbid-0-0\">\u00a0<\/div>\n<div class=\"_1mf _1mj\" style=\"text-align: left;\" data-offset-key=\"9bbid-0-0\">2014 : formation en gestion mentale &amp; techniques de m\u00e9morisation \u00ab\u00a0<strong>Apprendre \u00e0 apprendre<\/strong>\u00a0\u00bb &amp; \u00ab\u00a0<strong>M\u00e9moire ressort<\/strong>\u00a0\u00bb &#8211; <em>Anne-Marie\u00a0 Gaignard formations.<\/em><\/div>\n<div class=\"_1mf _1mj\" style=\"text-align: left;\" data-offset-key=\"9bbid-0-0\">2014 : formation de formatrice en orthographe \u00ab\u00a0<strong>Orthographe autrement<\/strong>\u00a0\u00bb &amp; \u00ab\u00a0<strong>D\u00e9fi 9<\/strong>\u00a0\u00bb &#8211; <em>Anne-Marie Gaignard formations<\/em> (m\u00e9thode reconnue et valid\u00e9e par les grammairiens des \u00e9ditions LE ROBERT).<\/div>\n<div class=\"_1mf _1mj\" style=\"text-align: justify;\" data-offset-key=\"9bbid-0-0\"><span style=\"color: #000000;\">\u00a0.<\/span><\/div>\n<div class=\"_1mf _1mj\" style=\"text-align: justify;\" data-offset-key=\"9bbid-0-0\">Je suis souvent des personnes qui ont perdu confiance en elles. <strong>Mon travail, qui\u00a0se rapproche parfois de l&rsquo;orthop\u00e9dagogie,\u00a0est \u00e0 la fois\u00a0p\u00e9dagogique et\u00a0cognitif.<\/strong> Passionn\u00e9e par notre cerveau, je poursuis mes formations pour approfondir et \u00e9largir mes comp\u00e9tences. Je peux vous proposer de faire \u00e9galement un bilan de potentiels (avec la m\u00e9thode Potentialis) afin de vous aider \u00e0 d\u00e9couvrir vos possibilit\u00e9s d&rsquo;orientation ou de reconversion. Ce sont les difficult\u00e9s d&rsquo;apprentissage de mes propres enfants qui m&rsquo;ont appel\u00e9e \u00e0 inclure dans mes recherches, des th\u00e9ories et des m\u00e9thodes d\u00e9velopp\u00e9es par Antoine de\u00a0la Garanderie, Andr\u00e9 Giordan, Viktor Frankl avec la logoth\u00e9rapie, la kin\u00e9siologie, la PNL (Programmation Neuro-Linguistique), la p\u00e9dagogie positive et\u00a0la m\u00e9thode Feuerstein.<\/div>\n<div class=\"_1mf _1mj\" style=\"text-align: justify;\" data-offset-key=\"9bbid-0-0\"><span style=\"color: #000000;\">.<\/span><\/div>\n<div class=\"_1mf _1mj\" style=\"text-align: justify;\" data-offset-key=\"9bbid-0-0\"><em><strong>Gr\u00e2ce \u00e0 ce cursus professionnel, je me situe aujourd&rsquo;hui au carrefour de la psychologie positive, des intelligences multiples et de l&rsquo;intelligence \u00e9motionnelle. La poursuite de mes formations permet de maintenir mon cerveau en forme !!<\/strong><\/em><\/div>\n<div class=\"_1mf _1mj\" style=\"text-align: justify;\" data-offset-key=\"9bbid-0-0\">\u00a0<span style=\"color: #000000;\">.<\/span><\/div>\n<div class=\"_1mf _1mj\" style=\"text-align: justify;\" data-offset-key=\"9bbid-0-0\">\u00a0Retrouvez de <strong>nombreux articles et t\u00e9moignages\u00a0sur ma page\u00a0<span style=\"text-decoration: underline;\"><a href=\"https:\/\/www.facebook.com\/profile.php?id=100012519840560\">Facebook \u2665<\/a><\/span><\/strong><\/div>\n<div class=\"_1mf _1mj\" style=\"text-align: justify;\" data-offset-key=\"9bbid-0-0\"><span style=\"color: #000000;\"><em>.<\/em><\/span><\/div>\n<div class=\"_1mf _1mj\" style=\"text-align: justify;\" data-offset-key=\"9bbid-0-0\"><em>Myriam LESOUEF &#8211; Entrepreneur Individuel (EI) &#8211; 15 rue Moyrand 38100 Grenoble &#8211; myriam.lesouef@gmail.com &#8211; Identifiant SIREN : 801 489 360 &#8211; code APE : 9609Z<\/em><\/div>\n<div data-offset-key=\"9bbid-0-0\">\u00a0<\/div>\n<p style=\"text-align: left;\" data-offset-key=\"9bbid-0-0\"><em>Conform\u00e9ment aux articles L.616-1 et R.616-1 du code de la consommation, je vous propose un dispositif de m\u00e9diation de la consommation. L&rsquo;entit\u00e9 de m\u00e9diation retenue est : CNPM &#8211; MEDIATION DE LA CONSOMMATION. En cas de litige, vous pouvez d\u00e9poser votre r\u00e9clamation sur son site : https:\/\/cnpm-mediation-consommation.eu ou par voie postale en \u00e9crivant \u00e0 CNPM &#8211; MEDIATION &#8211; CONSOMMATION &#8211; 27 avenue de la lib\u00e9ration &#8211; 42400 Saint-Chamond.<\/em><\/p>\n\n\n<p><\/p>\n","protected":false},"excerpt":{"rendered":"<p>Myriam Lesou\u00ebf\u00a0 &#8211; \u00a006 68 19 49 30 (myriam.lesouef@gmail.com) Praticienne certifi\u00e9e de la\u00a0m\u00e9thode de\u00a0NEUROFEEDBACK dynamique NeurOptimal (R), je suis situ\u00e9e 15 rue Moyrand \u00e0 Grenoble (Is\u00e8re) et ne re\u00e7ois que sur rendez-vous. Dans mon bureau, je suis \u00e9quip\u00e9e de deux &hellip; <a href=\"https:\/\/neurofeedback-grenoble.fr\/index.php\/contact\/\">Lire la suite <span class=\"meta-nav\">&rarr;<\/span><\/a><\/p>\n","protected":false},"author":1,"featured_media":0,"parent":0,"menu_order":0,"comment_status":"closed","ping_status":"closed","template":"","meta":[],"_links":{"self":[{"href":"https:\/\/neurofeedback-grenoble.fr\/index.php\/wp-json\/wp\/v2\/pages\/12"}],"collection":[{"href":"https:\/\/neurofeedback-grenoble.fr\/index.php\/wp-json\/wp\/v2\/pages"}],"about":[{"href":"https:\/\/neurofeedback-grenoble.fr\/index.php\/wp-json\/wp\/v2\/types\/page"}],"author":[{"embeddable":true,"href":"https:\/\/neurofeedback-grenoble.fr\/index.php\/wp-json\/wp\/v2\/users\/1"}],"replies":[{"embeddable":true,"href":"https:\/\/neurofeedback-grenoble.fr\/index.php\/wp-json\/wp\/v2\/comments?post=12"}],"version-history":[{"count":351,"href":"https:\/\/neurofeedback-grenoble.fr\/index.php\/wp-json\/wp\/v2\/pages\/12\/revisions"}],"predecessor-version":[{"id":1181,"href":"https:\/\/neurofeedback-grenoble.fr\/index.php\/wp-json\/wp\/v2\/pages\/12\/revisions\/1181"}],"wp:attachment":[{"href":"https:\/\/neurofeedback-grenoble.fr\/index.php\/wp-json\/wp\/v2\/media?parent=12"}],"curies":[{"name":"wp","href":"https:\/\/api.w.org\/{rel}","templated":true}]}}